{"id":436,"date":"2015-07-12T16:26:28","date_gmt":"2015-07-12T14:26:28","guid":{"rendered":"http:\/\/www.janovsky-trhak.cz\/?page_id=436"},"modified":"2015-07-12T16:26:28","modified_gmt":"2015-07-12T14:26:28","slug":"vysledky-deti","status":"publish","type":"page","link":"https:\/\/www.janovsky-trhak.cz\/?page_id=436","title":{"rendered":"Vysledky &#8211; D\u011bti"},"content":{"rendered":"<p><strong>Kategorie &#8211; Mr\u0148ouskov\u00e9<\/strong><\/p>\n<table>\n<tr>\n<td style=\"text-align: center;\"><strong>Po\u0159ad\u00ed<\/strong><\/td>\n<td style=\"text-align: center;\"><strong>Startovn\u00ed \u010d.<\/strong><\/td>\n<td style=\"text-align: left;\"><strong>Jm\u00e9no a p\u0159\u00edjmen\u00ed<\/strong><\/td>\n<td style=\"text-align: left;\"><strong>Team<\/strong><\/td>\n<td style=\"text-align: center;\"><strong>\u010cas<\/strong><\/td>\n<td style=\"text-align: center;\"><strong>Odstup<\/strong><\/td>\n<\/tr>\n<tr>\n<td style=\"text-align: center;\">1.<\/td>\n<td style=\"text-align: center;\">308<\/td>\n<td>Sebastian Pros<\/td>\n<td>PROSPORT D\u011b\u010d\u00edn<\/td>\n<td style=\"text-align: center;\">0:00:44<\/td>\n<td><\/td>\n<\/tr>\n<tr>\n<td style=\"text-align: center;\">2.<\/td>\n<td style=\"text-align: center;\">305<\/td>\n<td>Terezka Mr\u010dkov\u00e1<\/td>\n<td>D\u011b\u010d\u00edn<\/td>\n<td style=\"text-align: center;\">0:00:59<\/td>\n<td style=\"text-align: center;\">0:00:15<\/td>\n<\/tr>\n<\/table>\n<p><strong>Kategorie &#8211; Nad\u011bje I<\/strong><\/p>\n<table>\n<tr>\n<td style=\"text-align: center;\"><strong>Po\u0159ad\u00ed<\/strong><\/td>\n<td style=\"text-align: center;\"><strong>Startovn\u00ed \u010d.<\/strong><\/td>\n<td style=\"text-align: left;\"><strong>Jm\u00e9no a p\u0159\u00edjmen\u00ed<\/strong><\/td>\n<td style=\"text-align: left;\"><strong>Team<\/strong><\/td>\n<td style=\"text-align: center;\"><strong>\u010cas<\/strong><\/td>\n<td style=\"text-align: center;\"><strong>Odstup<\/strong><\/td>\n<\/tr>\n<tr>\n<td style=\"text-align: center;\">1.<\/td>\n<td style=\"text-align: center;\">311<\/td>\n<td>Ad\u00e9la Kopeck\u00e1<\/td>\n<td>D\u011b\u010d\u00edn &#8211; Janov<\/td>\n<td style=\"text-align: center;\">0:00:27<\/td>\n<td><\/td>\n<\/tr>\n<tr>\n<td style=\"text-align: center;\">2.<\/td>\n<td style=\"text-align: center;\">313<\/td>\n<td>Jan Kov\u00e1\u0159<\/td>\n<td>Janov<\/td>\n<td style=\"text-align: center;\">0:00:30<\/td>\n<td style=\"text-align: center;\">0:00:03<\/td>\n<\/tr>\n<tr>\n<td style=\"text-align: center;\">3.<\/td>\n<td style=\"text-align: center;\">318<\/td>\n<td>Sofie Lasko\u0161ov\u00e1<\/td>\n<td>Janov<\/td>\n<td style=\"text-align: center;\">0:00:32<\/td>\n<td style=\"text-align: center;\">0:00:05<\/td>\n<\/tr>\n<\/table>\n<p><strong>Kategorie &#8211; Nad\u011bje II<\/strong><\/p>\n<table>\n<tr>\n<td style=\"text-align: center;\"><strong>Po\u0159ad\u00ed<\/strong><\/td>\n<td style=\"text-align: center;\"><strong>Startovn\u00ed \u010d.<\/strong><\/td>\n<td style=\"text-align: left;\"><strong>Jm\u00e9no a p\u0159\u00edjmen\u00ed<\/strong><\/td>\n<td style=\"text-align: left;\"><strong>Team<\/strong><\/td>\n<td style=\"text-align: center;\"><strong>\u010cas<\/strong><\/td>\n<td style=\"text-align: center;\"><strong>Odstup<\/strong><\/td>\n<\/tr>\n<tr>\n<td style=\"text-align: center;\">1.<\/td>\n<td style=\"text-align: center;\">314<\/td>\n<td>Anna Zr\u016fstov\u00e1<\/td>\n<td><\/td>\n<td style=\"text-align: center;\">0:02:12<\/td>\n<td><\/td>\n<\/tr>\n<tr>\n<td style=\"text-align: center;\">2.<\/td>\n<td style=\"text-align: center;\">309<\/td>\n<td>Anton Titichov<\/td>\n<td>Toronto<\/td>\n<td style=\"text-align: center;\">0:02:13<\/td>\n<td style=\"text-align: center;\">0:00:01<\/td>\n<\/tr>\n<tr>\n<td style=\"text-align: center;\">3.<\/td>\n<td style=\"text-align: center;\">319<\/td>\n<td>Tom\u00e1\u0161 N\u011bme\u010dek<\/td>\n<td>T\u0159ebovice<\/td>\n<td style=\"text-align: center;\">0:02:19<\/td>\n<td style=\"text-align: center;\">0:00:07<\/td>\n<\/tr>\n<tr>\n<td style=\"text-align: center;\">4.<\/td>\n<td style=\"text-align: center;\">303<\/td>\n<td>Luisa Vackov\u00e1<\/td>\n<td>Milada Liberec<\/td>\n<td style=\"text-align: center;\">0:03:02<\/td>\n<td style=\"text-align: center;\">0:00:50<\/td>\n<\/tr>\n<tr>\n<td style=\"text-align: center;\">5.<\/td>\n<td style=\"text-align: center;\">317<\/td>\n<td>Filip Chlouba<\/td>\n<td>Janov<\/td>\n<td style=\"text-align: center;\">0:03:31<\/td>\n<td style=\"text-align: center;\">0:01:19<\/td>\n<\/tr>\n<\/table>\n<p><strong>Kategorie &#8211; Mlad\u0161\u00ed chlapci<\/strong><\/p>\n<table>\n<tr>\n<td style=\"text-align: center;\"><strong>Po\u0159ad\u00ed<\/strong><\/td>\n<td style=\"text-align: center;\"><strong>Startovn\u00ed \u010d.<\/strong><\/td>\n<td style=\"text-align: left;\"><strong>Jm\u00e9no a p\u0159\u00edjmen\u00ed<\/strong><\/td>\n<td style=\"text-align: left;\"><strong>Team<\/strong><\/td>\n<td style=\"text-align: center;\"><strong>\u010cas<\/strong><\/td>\n<td style=\"text-align: center;\"><strong>Odstup<\/strong><\/td>\n<\/tr>\n<tr>\n<td style=\"text-align: center;\">1.<\/td>\n<td style=\"text-align: center;\">304<\/td>\n<td>Jon\u00e1\u0161 Kostkuba<\/td>\n<td>D\u011b\u010d\u00edn<\/td>\n<td style=\"text-align: center;\">0:01:52<\/td>\n<td><\/td>\n<\/tr>\n<tr>\n<td style=\"text-align: center;\">2.<\/td>\n<td style=\"text-align: center;\">315<\/td>\n<td>Oliver \u017di\u017eka<\/td>\n<td>D\u011b\u010d\u00edn<\/td>\n<td style=\"text-align: center;\">0:01:55<\/td>\n<td style=\"text-align: center;\">0:00:03<\/td>\n<\/tr>\n<tr>\n<td style=\"text-align: center;\">3.<\/td>\n<td style=\"text-align: center;\">301<\/td>\n<td>Ji\u0159\u00ed Vodi\u010dka<\/td>\n<td>Janov<\/td>\n<td style=\"text-align: center;\">0:02:06<\/td>\n<td style=\"text-align: center;\">0:00:14<\/td>\n<\/tr>\n<tr>\n<td style=\"text-align: center;\">4.<\/td>\n<td style=\"text-align: center;\">316<\/td>\n<td>Martin Zachula<\/td>\n<td>Janov<\/td>\n<td style=\"text-align: center;\">0:02:14<\/td>\n<td style=\"text-align: center;\">0:00:22<\/td>\n<\/tr>\n<tr>\n<td style=\"text-align: center;\">0.<\/td>\n<td style=\"text-align: center;\">306<\/td>\n<td>Vojta Vorel<\/td>\n<td>B\u00fdnovec<\/td>\n<td style=\"text-align: center;\">nedojel<\/td>\n<td style=\"text-align: center;\">0<\/td>\n<\/tr>\n<\/table>\n<p><strong>Kategorie &#8211; Mlad\u0161\u00ed d\u00edvky<\/strong><\/p>\n<table>\n<tr>\n<td style=\"text-align: center;\"><strong>Po\u0159ad\u00ed<\/strong><\/td>\n<td style=\"text-align: center;\"><strong>Startovn\u00ed \u010d.<\/strong><\/td>\n<td style=\"text-align: left;\"><strong>Jm\u00e9no a p\u0159\u00edjmen\u00ed<\/strong><\/td>\n<td style=\"text-align: left;\"><strong>Team<\/strong><\/td>\n<td style=\"text-align: center;\"><strong>\u010cas<\/strong><\/td>\n<td style=\"text-align: center;\"><strong>Odstup<\/strong><\/td>\n<\/tr>\n<tr>\n<td style=\"text-align: center;\">1.<\/td>\n<td style=\"text-align: center;\">312<\/td>\n<td>Karol\u00edna Kopeck\u00e1<\/td>\n<td>D\u011b\u010d\u00edn &#8211; Janov<\/td>\n<td style=\"text-align: center;\">0:01:58<\/td>\n<td><\/td>\n<\/tr>\n<tr>\n<td style=\"text-align: center;\">2.<\/td>\n<td style=\"text-align: center;\">302<\/td>\n<td>Anna Ko\u0161\u00edkov\u00e1<\/td>\n<td><\/td>\n<td style=\"text-align: center;\">0:02:00<\/td>\n<td style=\"text-align: center;\">0:00:02<\/td>\n<\/tr>\n<tr>\n<td style=\"text-align: center;\">3.<\/td>\n<td style=\"text-align: center;\">310<\/td>\n<td>Nat\u00e1lie Mo\u017en\u00e1<\/td>\n<td>Janov u H\u0159enska<\/td>\n<td style=\"text-align: center;\">0:02:31<\/td>\n<td style=\"text-align: center;\">0:00:33<\/td>\n<\/tr>\n<tr>\n<td style=\"text-align: center;\">4.<\/td>\n<td style=\"text-align: center;\">307<\/td>\n<td>Marie Urb\u00e1nkov\u00e1<\/td>\n<td>Janov<\/td>\n<td style=\"text-align: center;\">0:32:04<\/td>\n<td style=\"text-align: center;\">0:30:06<\/td>\n<\/tr>\n<\/table>\n","protected":false},"excerpt":{"rendered":"<p>Kategorie &#8211; Mr\u0148ouskov\u00e9 Po\u0159ad\u00ed Startovn\u00ed \u010d. Jm\u00e9no a p\u0159\u00edjmen\u00ed Team \u010cas Odstup 1. 308 Sebastian Pros PROSPORT D\u011b\u010d\u00edn 0:00:44 2. 305 Terezka Mr\u010dkov\u00e1 D\u011b\u010d\u00edn 0:00:59 0:00:15 Kategorie &#8211; Nad\u011bje I Po\u0159ad\u00ed Startovn\u00ed \u010d. Jm\u00e9no a p\u0159\u00edjmen\u00ed Team \u010cas Odstup 1. 311 Ad\u00e9la Kopeck\u00e1 D\u011b\u010d\u00edn &#8211; Janov 0:00:27 2. 313 Jan Kov\u00e1\u0159 Janov 0:00:30 0:00:03 3.&hellip; <br \/> <a class=\"read-more\" href=\"https:\/\/www.janovsky-trhak.cz\/?page_id=436\">V\u00edce<\/a><\/p>\n","protected":false},"author":2,"featured_media":0,"parent":0,"menu_order":0,"comment_status":"closed","ping_status":"open","template":"","meta":[],"_links":{"self":[{"href":"https:\/\/www.janovsky-trhak.cz\/index.php?rest_route=\/wp\/v2\/pages\/436"}],"collection":[{"href":"https:\/\/www.janovsky-trhak.cz\/index.php?rest_route=\/wp\/v2\/pages"}],"about":[{"href":"https:\/\/www.janovsky-trhak.cz\/index.php?rest_route=\/wp\/v2\/types\/page"}],"author":[{"embeddable":true,"href":"https:\/\/www.janovsky-trhak.cz\/index.php?rest_route=\/wp\/v2\/users\/2"}],"replies":[{"embeddable":true,"href":"https:\/\/www.janovsky-trhak.cz\/index.php?rest_route=%2Fwp%2Fv2%2Fcomments&post=436"}],"version-history":[{"count":10,"href":"https:\/\/www.janovsky-trhak.cz\/index.php?rest_route=\/wp\/v2\/pages\/436\/revisions"}],"predecessor-version":[{"id":455,"href":"https:\/\/www.janovsky-trhak.cz\/index.php?rest_route=\/wp\/v2\/pages\/436\/revisions\/455"}],"wp:attachment":[{"href":"https:\/\/www.janovsky-trhak.cz\/index.php?rest_route=%2Fwp%2Fv2%2Fmedia&parent=436"}],"curies":[{"name":"wp","href":"https:\/\/api.w.org\/{rel}","templated":true}]}}